{"id":548,"date":"2020-06-20T15:37:12","date_gmt":"2020-07-03T07:31:38","guid":{"rendered":"https:\/\/bookexperience.aralleida.cat\/?post_type=product&#038;p=548"},"modified":"2021-12-13T13:47:30","modified_gmt":"2021-12-13T13:47:30","slug":"tour-del-aneto","status":"publish","type":"product","link":"https:\/\/bookexperience.aralleida.cat\/es\/producte\/tour-del-aneto\/","title":{"rendered":"TOUR DEL ANETO"},"content":{"rendered":"<h4>Precios:<\/h4>\n<p>560 \u20ac por persona<\/p>\n<p>Suplemento Agosto: 40 \u20ac. IVA incluido.<\/p>\n<p>&nbsp;<\/p>\n<h4>El precio incluye:<\/h4>\n<ul>\n<li>7 noches de alojamiento en habitaci\u00f3n doble en media pensi\u00f3n.<\/li>\n<li>Libro de ruta y mapa por habitaci\u00f3n.<\/li>\n<li>Tracks para GPS.<\/li>\n<li>Transporte de equipaje en todas las etapas.<\/li>\n<li>Degustaci\u00f3n de licores t\u00edpicos de la Val d&#8217;Aran.<\/li>\n<li>Seguro.<\/li>\n<\/ul>\n<p><strong>Opcional:<\/strong> Ascensi\u00f3n al Aneto con un gu\u00eda de alta monta\u00f1a titulado.<\/p>\n","protected":false},"excerpt":{"rendered":"<p>El <strong>Tour del Aneto<\/strong> es una traves\u00eda de monta\u00f1a que trascurre en el coraz\u00f3n de los Pirineos, alrededor del macizo del Aneto, el pico m\u00e1s alto de la cordillera con 3.404 m. A trav\u00e9s del <strong>Parque Natural Posets-Maladeta<\/strong> podremos observar los glaciares m\u00e1s meridionales de Europa, y cruzaremos puertos de monta\u00f1a hist\u00f3ricos por los que se cruzaban los Pirineos desde \u00e9pocas antiguas. Y nos podremos alojar en modernos establecimientos que fueron antiguos \u201chospitales\u201d (hospeder\u00edas) fundados en el siglo XII por la orden de los Caballeros de San Juan de Jerusal\u00e9n, que facilitaban los pasos de monta\u00f1a en esta zona. Recorremos <strong>5 valles, pasando 6 collados por la Val d\u2019Aran, Francia, Arag\u00f3n y Catalunya<\/strong>, con una gran variedad de paisajes y un patrimonio natural y cultural incomparable.<\/p>\n<p>&nbsp;<\/p>\n<h3>9 D\u00edas | 8 Noches | 7 d\u00edas de senderismo<\/h3>\n<p><strong>1\u00aa Etapa<\/strong> de Vielha a la Artiga de Lin.<\/p>\n<p><strong>2\u00aa Etapa<\/strong> de la Artiga de Lin a Hospice de France.<\/p>\n<p><strong>3\u00aa Etapa<\/strong> de Hospice de France a Hospital de Benasque.<\/p>\n<p><strong>4\u00aa Etapa<\/strong> de Hospital de Benasque a Cerler.<\/p>\n<p><strong>5\u00aa Etapa<\/strong> de Cerler a Castanesa.<\/p>\n<p><strong>6\u00aa Etapa<\/strong> de Castanesa a Aneto pueblo.<\/p>\n<p><strong>7\u00aa Etapa<\/strong> de Aneto pueblo a Vielha.<\/p>\n","protected":false},"featured_media":531,"comment_status":"open","ping_status":"closed","template":"","meta":{"_acf_changed":false},"product_brand":[],"product_cat":[32,33,46,48,50,52,54,102],"product_tag":[],"class_list":{"0":"post-548","1":"product","2":"type-product","3":"status-publish","4":"has-post-thumbnail","6":"product_cat-actividad","7":"product_cat-astronomia-es","8":"product_cat-cultura-es","9":"product_cat-gastronomia-es","10":"product_cat-natura-es","11":"product_cat-rutes-es","12":"product_cat-senderismo","13":"product_cat-val-daran-es","15":"first","16":"instock","17":"shipping-taxable","18":"product-type-simple"},"acf":[],"_links":{"self":[{"href":"https:\/\/bookexperience.aralleida.cat\/es\/wp-json\/wp\/v2\/product\/548","targetHints":{"allow":["GET"]}}],"collection":[{"href":"https:\/\/bookexperience.aralleida.cat\/es\/wp-json\/wp\/v2\/product"}],"about":[{"href":"https:\/\/bookexperience.aralleida.cat\/es\/wp-json\/wp\/v2\/types\/product"}],"replies":[{"embeddable":true,"href":"https:\/\/bookexperience.aralleida.cat\/es\/wp-json\/wp\/v2\/comments?post=548"}],"version-history":[{"count":3,"href":"https:\/\/bookexperience.aralleida.cat\/es\/wp-json\/wp\/v2\/product\/548\/revisions"}],"predecessor-version":[{"id":3931,"href":"https:\/\/bookexperience.aralleida.cat\/es\/wp-json\/wp\/v2\/product\/548\/revisions\/3931"}],"wp:featuredmedia":[{"embeddable":true,"href":"https:\/\/bookexperience.aralleida.cat\/es\/wp-json\/wp\/v2\/media\/531"}],"wp:attachment":[{"href":"https:\/\/bookexperience.aralleida.cat\/es\/wp-json\/wp\/v2\/media?parent=548"}],"wp:term":[{"taxonomy":"product_brand","embeddable":true,"href":"https:\/\/bookexperience.aralleida.cat\/es\/wp-json\/wp\/v2\/product_brand?post=548"},{"taxonomy":"product_cat","embeddable":true,"href":"https:\/\/bookexperience.aralleida.cat\/es\/wp-json\/wp\/v2\/product_cat?post=548"},{"taxonomy":"product_tag","embeddable":true,"href":"https:\/\/bookexperience.aralleida.cat\/es\/wp-json\/wp\/v2\/product_tag?post=548"}],"curies":[{"name":"wp","href":"https:\/\/api.w.org\/{rel}","templated":true}]}}