{"id":642,"date":"2020-06-20T18:29:18","date_gmt":"2020-07-03T07:32:49","guid":{"rendered":"https:\/\/bookexperience.aralleida.cat\/?post_type=product&#038;p=642"},"modified":"2021-12-16T08:45:09","modified_gmt":"2021-12-16T08:45:09","slug":"gran-bucle-new","status":"publish","type":"product","link":"https:\/\/bookexperience.aralleida.cat\/es\/producte\/gran-bucle-new\/","title":{"rendered":"GRAN BUCLE NEW"},"content":{"rendered":"<h4>Precios:<\/h4>\n<p>505 \u20ac por persona<\/p>\n<p><strong>Suplemento Agosto<\/strong>: 60 \u20ac. IVA incluido.<\/p>\n<p>&nbsp;<\/p>\n<h4><strong>Incluye:<\/strong><\/h4>\n<ul>\n<li>6 noches de alojamiento en media pensi\u00f3n en habitaci\u00f3n doble.<\/li>\n<li>Mapa y libro de ruta por habitaci\u00f3n.<\/li>\n<li>Tracks para GPS.<\/li>\n<li>Transporte de equipaje en todas las etapas.<\/li>\n<li>Servicio de taxi de Boss\u00f2st a Presa Honeria.<\/li>\n<li>Servicio de taxi de Salard\u00fa a H\u00f2nt de Lo Campo (Val de Ruda).<\/li>\n<li>Servicio de taxi de Estany de Sant Maurici a Espot.<\/li>\n<li>Servicio de taxi de Espot a Estany de Sant Maurici.<\/li>\n<li>Servicio de taxi de Bo\u00ed a Presa Cavallers.<\/li>\n<li>Entrada para visitar la iglesia de Sant Joan de Bo\u00ed declarada Patrimonio de la Humanidad.<\/li>\n<li>Una camiseta t\u00e9cnica de la ruta.<\/li>\n<li>Seguro<\/li>\n<\/ul>\n","protected":false},"excerpt":{"rendered":"<p><strong>El Tour de la Val d\u2019Aran y el Parque Nacional de Aig\u00fcestortes y Estany de Sant Maurici.<\/strong><\/p>\n<p>Este trekking que recorre la Val d&#8217;Aran y el Parque Nacional de Aig\u00fcestortes y Estany de Sant Maurici da opci\u00f3n a conocer las dos partes del Pirineo en sus vertientes Norte y Sur, siendo en su conjunto, por sus contrastes de paisaje y la gran concentraci\u00f3n de lagos de monta\u00f1a, <strong>una ruta \u00fanica en Europa<\/strong>.<\/p>\n<p>Las etapas de la <strong>Val d&#8217;Aran<\/strong> son un recorrido por su historia, a trav\u00e9s de los senderos que un\u00edan a los pueblos por la ladera de la monta\u00f1a, y que nos muestran todo el patrimonio cultural y natural que el valle posee. Despu\u00e9s entramos en el \u00ab<strong>Territorio Minero<\/strong>\u00ab, el valle de Toran, con un gran bosque primario perfectamente conservado, con los vestigios de la explotaci\u00f3n minera de zinc de los siglos XIX, y con el Lago y las minas de Liat. La Val de Ruda, perfecto valle de origen glaciar y por el cual entraremos en el Parque Nacional, siguiendo el camino que ya en 1880, utilizaba el franc\u00e9s Maurice Gordon para la exploraci\u00f3n de estas monta\u00f1as. Creado en 1995, el Parque Nacional tiene dos protagonistas: el agua, con sus m\u00e1s de 200 lagos, cascadas y r\u00edos, y la monta\u00f1a de los <strong>ENCANTATS<\/strong> de 2.747 m., llena de historia alpinista y de leyendas.<\/p>\n<p>Toda la ruta discurre siempre por sendero balizado. En el tramo de la Val d&#8217;Aran coincide con el GR211 y en el Parque Nacional sigue por los caminos hist\u00f3ricos que han utilizado los pueblos y sus gentes para comunicarse: el COLL de G\u00dcERRI (2.320 m.) en Tor\u00e1n y Salard\u00fa; el PORT de RATERA (2.543 m.) entre el Aran y el Pallars. El PORTARR\u00d3 d&#8217;ESPOT, paso natural de Sant Maurici a Aig\u00fcestortes. El PORT de CALDES (2.567m), entre la Ribagorza y el Aran, hist\u00f3rico paso utilizado por araneses y ribagorzanos para mercader\u00edas y ganado.<\/p>\n<h4>7 D\u00edas | 6 Noches | 6 D\u00edas de Senderismo<\/h4>\n<p><strong>1\u00aa Etapa<\/strong> de Vielha a Boss\u00f2st.<\/p>\n<p><strong>2\u00aa Etapa<\/strong> de Boss\u00f2st\/Honeria a Salard\u00fa por el Coll de G\u00fcerri.<\/p>\n<p><strong>3\u00aa Etapa<\/strong> de Salard\u00fa a Espot por el Puerto de Ratera.<\/p>\n<p><strong>4\u00aa Etapa<\/strong> de Espot a Bo\u00ed por el Portarr\u00f2 d&#8217;Espot.<\/p>\n<p><strong>5\u00aa Etapa<\/strong> de Bo\u00ed\/Presa Cavallers a Banhs de Tred\u00f2s.<\/p>\n<p><strong>6\u00aa Etapa<\/strong> de Banhs de Tred\u00f2s a Vielha.<\/p>\n","protected":false},"featured_media":620,"comment_status":"open","ping_status":"closed","template":"","meta":{"_acf_changed":false},"product_brand":[],"product_cat":[97,46,48,50,104,52,54,102],"product_tag":[],"class_list":{"0":"post-642","1":"product","2":"type-product","3":"status-publish","4":"has-post-thumbnail","6":"product_cat-alta-ribagorca-es","7":"product_cat-cultura-es","8":"product_cat-gastronomia-es","9":"product_cat-natura-es","10":"product_cat-pallars-sobira-es","11":"product_cat-rutes-es","12":"product_cat-senderismo","13":"product_cat-val-daran-es","15":"first","16":"instock","17":"shipping-taxable","18":"product-type-simple"},"acf":[],"_links":{"self":[{"href":"https:\/\/bookexperience.aralleida.cat\/es\/wp-json\/wp\/v2\/product\/642","targetHints":{"allow":["GET"]}}],"collection":[{"href":"https:\/\/bookexperience.aralleida.cat\/es\/wp-json\/wp\/v2\/product"}],"about":[{"href":"https:\/\/bookexperience.aralleida.cat\/es\/wp-json\/wp\/v2\/types\/product"}],"replies":[{"embeddable":true,"href":"https:\/\/bookexperience.aralleida.cat\/es\/wp-json\/wp\/v2\/comments?post=642"}],"version-history":[{"count":3,"href":"https:\/\/bookexperience.aralleida.cat\/es\/wp-json\/wp\/v2\/product\/642\/revisions"}],"predecessor-version":[{"id":4227,"href":"https:\/\/bookexperience.aralleida.cat\/es\/wp-json\/wp\/v2\/product\/642\/revisions\/4227"}],"wp:featuredmedia":[{"embeddable":true,"href":"https:\/\/bookexperience.aralleida.cat\/es\/wp-json\/wp\/v2\/media\/620"}],"wp:attachment":[{"href":"https:\/\/bookexperience.aralleida.cat\/es\/wp-json\/wp\/v2\/media?parent=642"}],"wp:term":[{"taxonomy":"product_brand","embeddable":true,"href":"https:\/\/bookexperience.aralleida.cat\/es\/wp-json\/wp\/v2\/product_brand?post=642"},{"taxonomy":"product_cat","embeddable":true,"href":"https:\/\/bookexperience.aralleida.cat\/es\/wp-json\/wp\/v2\/product_cat?post=642"},{"taxonomy":"product_tag","embeddable":true,"href":"https:\/\/bookexperience.aralleida.cat\/es\/wp-json\/wp\/v2\/product_tag?post=642"}],"curies":[{"name":"wp","href":"https:\/\/api.w.org\/{rel}","templated":true}]}}